{"id":11,"date":"2019-12-26T16:04:12","date_gmt":"2019-12-26T15:04:12","guid":{"rendered":"http:\/\/soleilrouge.fr\/?page_id=11"},"modified":"2025-03-23T10:54:33","modified_gmt":"2025-03-23T09:54:33","slug":"location-de-vacances-aux-adrets-de-lesterel-dans-le-var","status":"publish","type":"page","link":"https:\/\/soleilrouge.fr\/","title":{"rendered":"Location de g\u00eetes tout confort aux Adrets de l&rsquo;Esterel pr\u00e9s de Cannes et Fr\u00e9jus."},"content":{"rendered":"\n<p class=\"has-text-align-center\"><strong>Vous pourrez y louer un appartement ind\u00e9pendant dans une propri\u00e9t\u00e9 calme et arbor\u00e9e avec piscine partag\u00e9e<\/strong>.<\/p>\n\n\n\n<div class=\"wp-block-columns are-vertically-aligned-center is-layout-flex wp-container-core-columns-is-layout-9d6595d7 wp-block-columns-is-layout-flex\">\n<div class=\"wp-block-column is-vertically-aligned-center is-layout-flow wp-block-column-is-layout-flow\" style=\"flex-basis:25%\"><div class=\"wp-block-image is-style-rounded\">\n<figure class=\"alignright size-large is-resized\"><img loading=\"lazy\" decoding=\"async\" width=\"200\" height=\"200\" src=\"https:\/\/soleilrouge.fr\/wp-content\/uploads\/2022\/07\/meuble-de-tourisme-3-etoiles.png\" alt=\"\" class=\"wp-image-449\" style=\"width:121px;height:121px\" srcset=\"https:\/\/soleilrouge.fr\/wp-content\/uploads\/2022\/07\/meuble-de-tourisme-3-etoiles.png 200w, https:\/\/soleilrouge.fr\/wp-content\/uploads\/2022\/07\/meuble-de-tourisme-3-etoiles-150x150.png 150w\" sizes=\"auto, (max-width: 200px) 100vw, 200px\" \/><\/figure>\n<\/div><\/div>\n\n\n\n<div class=\"wp-block-column is-vertically-aligned-center is-layout-flow wp-block-column-is-layout-flow\" style=\"flex-basis:50%\">\n<p class=\"has-text-align-left\">Location de vacances en g\u00eetes aux Adrets de l&rsquo;Esterel situ\u00e9e entre Cannes et Fr\u00e9jus, compos\u00e9e de 2 studios et d&rsquo;un 3 pi\u00e8ces totalement \u00e9quip\u00e9s.<br>Les appartements sont class\u00e9s 3 \u00e9toiles Meubl\u00e9 de Tourisme Atout France.<br>Les Ch\u00e8ques-Vacances sont les bienvenues.<\/p>\n<\/div>\n\n\n\n<div class=\"wp-block-column is-vertically-aligned-center is-layout-flow wp-block-column-is-layout-flow\" style=\"flex-basis:25%\">\n<figure class=\"wp-block-image size-large is-resized is-style-default\"><img loading=\"lazy\" decoding=\"async\" width=\"189\" height=\"202\" src=\"https:\/\/soleilrouge.fr\/wp-content\/uploads\/2022\/07\/ANCV-1.jpg\" alt=\"\" class=\"wp-image-448\" style=\"width:123px;height:129px\"\/><\/figure>\n<\/div>\n<\/div>\n\n\n\n<p><\/p>\n\n\n\n<div class=\"wp-block-buttons is-content-justification-center is-layout-flex wp-container-core-buttons-is-layout-16018d1d wp-block-buttons-is-layout-flex\">\n<div class=\"wp-block-button\"><a class=\"wp-block-button__link has-very-light-gray-color has-text-color has-background wp-element-button\" href=\"https:\/\/soleilrouge.fr\/index.php\/visitez-votre-prochain-lieu-de-vacances\/\" style=\"border-radius:35px;background:linear-gradient(90deg,rgb(2,3,129) 0%,rgb(40,116,252) 100%)\">VISITE VIDEO<\/a><\/div>\n<\/div>\n\n\n\t\t<link href=\"https:\/\/soleilrouge.fr\/wp-content\/plugins\/slideshow-ck\/themes\/default\/css\/camera.css\" rel=\"stylesheet\" type=\"text\/css\" \/>\n\t\t<style type=\"text\/css\">\n\t\t\t#camera_wrap_234 .camera_pag_ul li img, #camera_wrap_234 .camera_thumbs_cont ul li img {\n\t\t\t\theight:100px;\n\t\t\t\twidth: auto;\n\t\t\t}\n\t\t\t#camera_wrap_234 .camera_caption {\n\t\t\t\tdisplay: block;\n\t\t\t\tposition: absolute;\n\t\t\t}\n\t\t\t#camera_wrap_234 .camera_caption a.camera_caption_link {\n\t\t\t\tdisplay: block;\n\t\t\t\tposition: absolute;\n\t\t\t\tleft: 0;\n\t\t\t\tright: 0;\n\t\t\t\ttop: 0;\n\t\t\t\tbottom: 0;\n\t\t\t}\n\t\t\t#camera_wrap_234 .camera_caption > div {\n\t\t\t\tbackground: #000000;\t\t\t}\n\t\t\t#camera_wrap_234 .camera_caption div.camera_caption_title {\n\t\t\t\tfont-size: 18px;line-height: 18px;font-weight: normal;\t\t\t}\n\t\t\t#camera_wrap_234 .camera_caption div.camera_caption_desc {\n\t\t\t\tfont-size: 12px;line-height: 12px;font-weight: normal;\t\t\t}\n\t\t<\/style>\n\t\t\t\t<div class=\"slideshowck camera_wrap camera_amber_skin\" id=\"camera_wrap_234\" style=\"width:100%;\">\n\t\t\t\t\t\t\t<div  data-thumb=\"https:\/\/soleilrouge.fr\/wp-content\/uploads\/2020\/01\/P1110001-scaled.jpg\" data-src=\"https:\/\/soleilrouge.fr\/wp-content\/uploads\/2020\/01\/P1110001-scaled.jpg\" data-link=\"https:\/\/soleilrouge.fr\/wp-content\/uploads\/2020\/01\/P1110001-scaled.jpg\" data-target=\"_parent\">\n\t\t\t\t\t\t\t\t\t\t\t\t<div class=\"camera_caption moveFromLeft\">\n\t\t\t\t\t\t\t\t\t\t\t\t\t\t<div class=\"camera_caption_title\">\n\t\t\t\t\t\t\t\tUn balcon sur l'Esterel\t\t\t\t\t\t\t<\/div>\n\t\t\t\t\t\t\t\t\t\t\t\t\t\t\t\t\t\t\t\t\t\t\t\t\t\t\t\t\t\t\t\t\t\t<\/div>\n\t\t\t\t\t\t\t\t\t\t<\/div>\n\t\t\t\t\t\t\t<div  data-thumb=\"https:\/\/soleilrouge.fr\/wp-content\/uploads\/2020\/01\/P1080632-scaled.jpg\" data-src=\"https:\/\/soleilrouge.fr\/wp-content\/uploads\/2020\/01\/P1080632-scaled.jpg\" data-link=\"https:\/\/soleilrouge.fr\/wp-content\/uploads\/2020\/01\/P1080632-scaled.jpg\" data-target=\"_parent\">\n\t\t\t\t\t\t\t\t\t\t\t\t<div class=\"camera_caption moveFromLeft\">\n\t\t\t\t\t\t\t\t\t\t\t\t\t\t<div class=\"camera_caption_title\">\n\t\t\t\t\t\t\t\tSous le soleil exactement\t\t\t\t\t\t\t<\/div>\n\t\t\t\t\t\t\t\t\t\t\t\t\t\t\t\t\t\t\t\t\t\t\t\t\t\t\t\t\t\t\t\t\t\t<\/div>\n\t\t\t\t\t\t\t\t\t\t<\/div>\n\t\t\t\t\t\t\t<div  data-thumb=\"https:\/\/soleilrouge.fr\/wp-content\/uploads\/2019\/12\/corniche-esterel.jpg\" data-src=\"https:\/\/soleilrouge.fr\/wp-content\/uploads\/2019\/12\/corniche-esterel.jpg\" data-link=\"https:\/\/soleilrouge.fr\/wp-content\/uploads\/2019\/12\/corniche-esterel.jpg\" data-target=\"_parent\">\n\t\t\t\t\t\t\t\t\t\t\t\t<div class=\"camera_caption moveFromLeft\">\n\t\t\t\t\t\t\t\t\t\t\t\t\t\t<div class=\"camera_caption_title\">\n\t\t\t\t\t\t\t\tLa corniche d'or \u00e0 15 Mn\t\t\t\t\t\t\t<\/div>\n\t\t\t\t\t\t\t\t\t\t\t\t\t\t\t\t\t\t\t\t\t\t\t\t\t\t\t\t\t\t\t\t\t\t<\/div>\n\t\t\t\t\t\t\t\t\t\t<\/div>\n\t\t\t\t\t\t\t<div  data-thumb=\"https:\/\/soleilrouge.fr\/wp-content\/uploads\/2020\/01\/P1050933-scaled.jpg\" data-src=\"https:\/\/soleilrouge.fr\/wp-content\/uploads\/2020\/01\/P1050933-scaled.jpg\" data-link=\"https:\/\/soleilrouge.fr\/wp-content\/uploads\/2020\/01\/P1050933-scaled.jpg\" data-target=\"_parent\">\n\t\t\t\t\t\t\t\t\t\t\t\t<div class=\"camera_caption moveFromLeft\">\n\t\t\t\t\t\t\t\t\t\t\t\t\t\t<div class=\"camera_caption_title\">\n\t\t\t\t\t\t\t\tLe mimosa, du soleil en grain\t\t\t\t\t\t\t<\/div>\n\t\t\t\t\t\t\t\t\t\t\t\t\t\t\t\t\t\t\t\t\t\t\t\t\t\t\t\t\t\t\t\t\t\t<\/div>\n\t\t\t\t\t\t\t\t\t\t<\/div>\n\t\t\t\t\t\t\t<div  data-thumb=\"https:\/\/soleilrouge.fr\/wp-content\/uploads\/2020\/01\/P1070825-scaled.jpg\" data-src=\"https:\/\/soleilrouge.fr\/wp-content\/uploads\/2020\/01\/P1070825-scaled.jpg\" data-link=\"https:\/\/soleilrouge.fr\/wp-content\/uploads\/2020\/01\/P1070825-scaled.jpg\" data-target=\"_parent\">\n\t\t\t\t\t\t\t\t\t\t\t\t<div class=\"camera_caption moveFromLeft\">\n\t\t\t\t\t\t\t\t\t\t\t\t\t\t<div class=\"camera_caption_title\">\n\t\t\t\t\t\t\t\tDe nuit comme de jour\t\t\t\t\t\t\t<\/div>\n\t\t\t\t\t\t\t\t\t\t\t\t\t\t\t\t\t\t\t\t\t\t\t\t\t\t\t\t\t\t\t\t\t\t<\/div>\n\t\t\t\t\t\t\t\t\t\t<\/div>\n\t\t\t\t\t\t\t<div  data-thumb=\"https:\/\/soleilrouge.fr\/wp-content\/uploads\/2020\/01\/Soleil-rouge-vu-du-mont-vinaigre.jpg\" data-src=\"https:\/\/soleilrouge.fr\/wp-content\/uploads\/2020\/01\/Soleil-rouge-vu-du-mont-vinaigre.jpg\" data-link=\"https:\/\/soleilrouge.fr\/wp-content\/uploads\/2020\/01\/Soleil-rouge-vu-du-mont-vinaigre.jpg\" data-target=\"_parent\">\n\t\t\t\t\t\t\t\t\t\t\t\t<div class=\"camera_caption moveFromLeft\">\n\t\t\t\t\t\t\t\t\t\t\t\t\t\t<div class=\"camera_caption_title\">\n\t\t\t\t\t\t\t\tSoleil Rouge vu du Mont-Vinaigre\t\t\t\t\t\t\t<\/div>\n\t\t\t\t\t\t\t\t\t\t\t\t\t\t\t\t\t\t\t\t\t\t\t\t\t\t\t\t\t\t\t\t\t\t<\/div>\n\t\t\t\t\t\t\t\t\t\t<\/div>\n\t\t\t\t\t\t\t<div  data-thumb=\"https:\/\/soleilrouge.fr\/wp-content\/uploads\/2020\/01\/P1120579-scaled.jpg\" data-src=\"https:\/\/soleilrouge.fr\/wp-content\/uploads\/2020\/01\/P1120579-scaled.jpg\" data-link=\"https:\/\/soleilrouge.fr\/wp-content\/uploads\/2020\/01\/P1120579-scaled.jpg\" data-target=\"_parent\">\n\t\t\t\t\t\t\t\t\t\t\t\t<div class=\"camera_caption moveFromLeft\">\n\t\t\t\t\t\t\t\t\t\t\t\t\t\t<div class=\"camera_caption_title\">\n\t\t\t\t\t\t\t\tDes fleurs et des couleurs\t\t\t\t\t\t\t<\/div>\n\t\t\t\t\t\t\t\t\t\t\t\t\t\t\t\t\t\t\t\t\t\t\t\t\t\t\t\t\t\t\t\t\t\t<\/div>\n\t\t\t\t\t\t\t\t\t\t<\/div>\n\t\t\t\t\t\t\t<div  data-thumb=\"https:\/\/soleilrouge.fr\/wp-content\/uploads\/2020\/01\/P1120593-scaled.jpg\" data-src=\"https:\/\/soleilrouge.fr\/wp-content\/uploads\/2020\/01\/P1120593-scaled.jpg\" data-link=\"https:\/\/soleilrouge.fr\/wp-content\/uploads\/2020\/01\/P1120593-scaled.jpg\" data-target=\"_parent\">\n\t\t\t\t\t\t\t\t\t\t\t\t<div class=\"camera_caption moveFromLeft\">\n\t\t\t\t\t\t\t\t\t\t\t\t\t\t<div class=\"camera_caption_title\">\n\t\t\t\t\t\t\t\tUn jardin fleuri\t\t\t\t\t\t\t<\/div>\n\t\t\t\t\t\t\t\t\t\t\t\t\t\t\t\t\t\t\t\t\t\t\t\t\t\t\t\t\t\t\t\t\t\t<\/div>\n\t\t\t\t\t\t\t\t\t\t<\/div>\n\t\t\t\t\t<\/div>\n\t\t<div style=\"clear:both;\"><\/div>\n\t\t\n\n\n\n<p class=\"has-text-align-center\">Pour la d\u00e9tente ou pour le travail, la location de vacances aux gites Soleil Rouge dans le Var, sera votre havre de paix.<br>Chantal et Herv\u00e9, les propri\u00e9taires qui habitent sur place, vous r\u00e9serverons leur meilleur accueil. <br>De m\u00eame, ils pourrons r\u00e9pondre \u00e0 tous vos besoins durant votre s\u00e9jour dans le Var.<br>Vous y s\u00e9journerez en toute autonomie et libert\u00e9 gr\u00e2ce \u00e0 l&rsquo;\u00e9quipement trois \u00e9toiles fourni dans les appartements en location.<\/p>\n\n\n\n<h2 class=\"wp-block-heading has-text-align-center\">Sport, farniente ou visites ?<br>Votre location de vacances en G\u00eetes pr\u00e9s de Fr\u00e9jus et de Cannes en toute libert\u00e9 !<\/h2>\n\n\n\n<div class=\"wp-block-columns is-layout-flex wp-container-core-columns-is-layout-9d6595d7 wp-block-columns-is-layout-flex\">\n<div class=\"wp-block-column is-layout-flow wp-block-column-is-layout-flow\">\n<p><\/p>\n<\/div>\n\n\n\n<div class=\"wp-block-column is-layout-flow wp-block-column-is-layout-flow\"><\/div>\n<\/div>\n\n\n\n<div class=\"wp-block-columns is-layout-flex wp-container-core-columns-is-layout-9d6595d7 wp-block-columns-is-layout-flex\">\n<div class=\"wp-block-column is-layout-flow wp-block-column-is-layout-flow\">\n<figure class=\"wp-block-image size-large\"><img loading=\"lazy\" decoding=\"async\" width=\"1024\" height=\"768\" src=\"https:\/\/soleilrouge.fr\/wp-content\/uploads\/2020\/08\/jardin-1024x768.jpg\" alt=\"\" class=\"wp-image-392\" srcset=\"https:\/\/soleilrouge.fr\/wp-content\/uploads\/2020\/08\/jardin-1024x768.jpg 1024w, https:\/\/soleilrouge.fr\/wp-content\/uploads\/2020\/08\/jardin-300x225.jpg 300w, https:\/\/soleilrouge.fr\/wp-content\/uploads\/2020\/08\/jardin-768x576.jpg 768w, https:\/\/soleilrouge.fr\/wp-content\/uploads\/2020\/08\/jardin-1536x1152.jpg 1536w, https:\/\/soleilrouge.fr\/wp-content\/uploads\/2020\/08\/jardin-2048x1536.jpg 2048w\" sizes=\"auto, (max-width: 1024px) 100vw, 1024px\" \/><\/figure>\n\n\n\n<figure class=\"wp-block-image size-large\"><img loading=\"lazy\" decoding=\"async\" width=\"1024\" height=\"768\" src=\"https:\/\/soleilrouge.fr\/wp-content\/uploads\/2020\/01\/Massif-de-l-esterel-1024x768.jpg\" alt=\"\" class=\"wp-image-216\" srcset=\"https:\/\/soleilrouge.fr\/wp-content\/uploads\/2020\/01\/Massif-de-l-esterel-1024x768.jpg 1024w, https:\/\/soleilrouge.fr\/wp-content\/uploads\/2020\/01\/Massif-de-l-esterel-300x225.jpg 300w, https:\/\/soleilrouge.fr\/wp-content\/uploads\/2020\/01\/Massif-de-l-esterel-768x576.jpg 768w, https:\/\/soleilrouge.fr\/wp-content\/uploads\/2020\/01\/Massif-de-l-esterel-1536x1152.jpg 1536w, https:\/\/soleilrouge.fr\/wp-content\/uploads\/2020\/01\/Massif-de-l-esterel-2048x1536.jpg 2048w\" sizes=\"auto, (max-width: 1024px) 100vw, 1024px\" \/><\/figure>\n<\/div>\n\n\n\n<div class=\"wp-block-column is-layout-flow wp-block-column-is-layout-flow\">\n<h2 class=\"wp-block-heading\">Un cadre splendide \u00e0 15 Mn de Fr\u00e9jus ou Cannes.<\/h2>\n\n\n\n<p>Pour commencer, les gites sont situ\u00e9s au c\u0153ur du Massif de l&rsquo;Esterel, un des plus beaux sites de France, \u00e0 mi-chemin entre Cannes et Fr\u00e9jus, \u00e0 la fronti\u00e8re entre le Var et les Alpes -Maritimes, au calme de la for\u00eat tout en \u00e9tant \u00e0 quelques minutes des animations et de la beaut\u00e9 de la C\u00f4te d&rsquo;Azur.<br><br>Ainsi, la maison Soleil Rouge propose en location de vacances trois appartements dont deux Studios et un trois pi\u00e8ces tous ind\u00e9pendants.<br><br>L&rsquo;ensemble est \u00e9quip\u00e9 en cuisine moderne, t\u00e9l\u00e9vision \u00e9cran plat et climatisation. Chaque logement poss\u00e8de sa propre terrasse et son salon de jardin.<\/p>\n\n\n\n<h2 class=\"wp-block-heading\">Les Adrets de l&rsquo;Esterel, c&rsquo;est le calme assur\u00e9 <\/h2>\n\n\n\n<p>La piscine priv\u00e9e est ouverte en saison et mise \u00e0 disposition exclusive des trois h\u00e9bergements.<br>Vous y trouverez aussi, un solarium \u00e0 acc\u00e8s libre qui est \u00e9quip\u00e9 de transat en bordure de piscine .<br><br>La propri\u00e9t\u00e9 poss\u00e8de un parking ferm\u00e9 \u00e0 disposition pour autos, motos ou remorques.<br>Afin de vous satisfaire, les animaux sont accept\u00e9s avec grand plaisir si nous en sommes inform\u00e9s.<br><br>En fait, Soleil Rouge est une location de vacances saisonni\u00e8re ou vous pourrez vous reposer et vous d\u00e9tendre tout en organisant en toute libert\u00e9 vos sorties et activit\u00e9s dont la r\u00e9gion varoise est riche.<\/p>\n<\/div>\n<\/div>\n\n\n\n<p>Vous pourrez faire du tourisme de Monaco \u00e0 Saint-Tropez en passant par les Gorges du Verdon, les parfumeries de Grasse ou les artistes de Saint-Paul de Vence. De m\u00eame, vous pourrez pratiquer la balade ou le VTT sur les chemins du Massif de l&rsquo;Esterel. Apr\u00e8s quoi,  vous pourrez vous baigner ou faire de la voile au Lac de Saint-Cassien dont la bio-diversit\u00e9 est spectaculaire<br>Aussi, nous vous souhaitons la bienvenue aux Adrets de l&rsquo;Esterel.<\/p>\n\n\n\n<p><a href=\"https:\/\/www.lesadretsdelesterel.fr\/\" target=\"_blank\" rel=\"noreferrer noopener\">Site de la Mairie des Adrets de L&rsquo;esterel<\/a><\/p>\n\n\n\n<figure class=\"wp-block-image size-large is-resized\"><img loading=\"lazy\" decoding=\"async\" width=\"1024\" height=\"237\" src=\"https:\/\/soleilrouge.fr\/wp-content\/uploads\/2020\/01\/esterel-cote-d-azur-1024x237.png\" alt=\"Vacances dans l'Esterel entre Cannes et Fr\u00e9jus\" class=\"wp-image-208\" style=\"width:1238px;height:285px\" srcset=\"https:\/\/soleilrouge.fr\/wp-content\/uploads\/2020\/01\/esterel-cote-d-azur-1024x237.png 1024w, https:\/\/soleilrouge.fr\/wp-content\/uploads\/2020\/01\/esterel-cote-d-azur-300x69.png 300w, https:\/\/soleilrouge.fr\/wp-content\/uploads\/2020\/01\/esterel-cote-d-azur-768x178.png 768w, https:\/\/soleilrouge.fr\/wp-content\/uploads\/2020\/01\/esterel-cote-d-azur-1536x356.png 1536w, https:\/\/soleilrouge.fr\/wp-content\/uploads\/2020\/01\/esterel-cote-d-azur.png 2000w\" sizes=\"auto, (max-width: 1024px) 100vw, 1024px\" \/><\/figure>\n\n\n\n<p><a href=\"https:\/\/www.2hprojet.com\" target=\"_blank\" rel=\"noreferrer noopener\">Site r\u00e9alis\u00e9 par 2H-Projet &#8211; Artisan de votre projet num\u00e9rique<\/a><\/p>\n\n\n\n<p><a href=\"https:\/\/arbonissa.fr\" target=\"_blank\" rel=\"noreferrer noopener\">Arbonissa : Notre partenaire pour l&rsquo;entretien du jardin et l&rsquo;\u00e9lagage<\/a><\/p>\n","protected":false},"excerpt":{"rendered":"<p>Vous pourrez y louer un appartement ind\u00e9pendant dans une propri\u00e9t\u00e9 calme et arbor\u00e9e avec piscine partag\u00e9e. Location de vacances en g\u00eetes aux Adrets de l&rsquo;Esterel situ\u00e9e entre Cannes et Fr\u00e9jus, compos\u00e9e de 2 studios et d&rsquo;un 3 pi\u00e8ces totalement \u00e9quip\u00e9s.Les appartements sont class\u00e9s 3 \u00e9toiles Meubl\u00e9 de Tourisme Atout France.Les Ch\u00e8ques-Vacances sont les bienvenues. Pour [&hellip;]<\/p>\n","protected":false},"author":1,"featured_media":0,"parent":0,"menu_order":0,"comment_status":"closed","ping_status":"closed","template":"","meta":{"footnotes":""},"class_list":["post-11","page","type-page","status-publish","hentry"],"yoast_head":"<!-- This site is optimized with the Yoast SEO plugin v24.9 - https:\/\/yoast.com\/wordpress\/plugins\/seo\/ -->\n<title>Location de g\u00eetes tout confort aux Adrets de l&#039;Esterel pr\u00e9s de Cannes et Fr\u00e9jus.<\/title>\n<meta name=\"description\" content=\"Location de vacances en Gites, en Provence entre Fr\u00e9jus et Cannes. Repos et ballades dans le Var, proche des plages de la c\u00f4te d&#039;Azur.\" \/>\n<meta name=\"robots\" content=\"index, follow, max-snippet:-1, max-image-preview:large, max-video-preview:-1\" \/>\n<link rel=\"canonical\" href=\"https:\/\/soleilrouge.fr\/accueil\" \/>\n<meta property=\"og:locale\" content=\"fr_FR\" \/>\n<meta property=\"og:type\" content=\"article\" \/>\n<meta property=\"og:title\" content=\"Location de g\u00eetes tout confort aux Adrets de l&#039;Esterel pr\u00e9s de Cannes et Fr\u00e9jus.\" \/>\n<meta property=\"og:description\" content=\"Location de vacances en Gites, en Provence entre Fr\u00e9jus et Cannes. Repos et ballades dans le Var, proche des plages de la c\u00f4te d&#039;Azur.\" \/>\n<meta property=\"og:url\" content=\"https:\/\/soleilrouge.fr\/accueil\" \/>\n<meta property=\"og:site_name\" content=\"SOLEIL ROUGE\" \/>\n<meta property=\"article:publisher\" content=\"https:\/\/www.facebook.com\/gites.soleil.rouge\/\" \/>\n<meta property=\"article:modified_time\" content=\"2025-03-23T09:54:33+00:00\" \/>\n<meta property=\"og:image\" content=\"https:\/\/soleilrouge.fr\/wp-content\/uploads\/2022\/07\/meuble-de-tourisme-3-etoiles.png\" \/>\n\t<meta property=\"og:image:width\" content=\"200\" \/>\n\t<meta property=\"og:image:height\" content=\"200\" \/>\n\t<meta property=\"og:image:type\" content=\"image\/png\" \/>\n<meta name=\"twitter:card\" content=\"summary_large_image\" \/>\n<meta name=\"twitter:label1\" content=\"Dur\u00e9e de lecture estim\u00e9e\" \/>\n\t<meta name=\"twitter:data1\" content=\"4 minutes\" \/>\n<script type=\"application\/ld+json\" class=\"yoast-schema-graph\">{\"@context\":\"https:\/\/schema.org\",\"@graph\":[{\"@type\":\"WebPage\",\"@id\":\"https:\/\/soleilrouge.fr\/\",\"url\":\"https:\/\/soleilrouge.fr\/accueil\",\"name\":\"Location de g\u00eetes tout confort aux Adrets de l'Esterel pr\u00e9s de Cannes et Fr\u00e9jus.\",\"isPartOf\":{\"@id\":\"https:\/\/soleilrouge.fr\/#website\"},\"primaryImageOfPage\":{\"@id\":\"https:\/\/soleilrouge.fr\/accueil#primaryimage\"},\"image\":{\"@id\":\"https:\/\/soleilrouge.fr\/accueil#primaryimage\"},\"thumbnailUrl\":\"https:\/\/soleilrouge.fr\/wp-content\/uploads\/2022\/07\/meuble-de-tourisme-3-etoiles.png\",\"datePublished\":\"2019-12-26T15:04:12+00:00\",\"dateModified\":\"2025-03-23T09:54:33+00:00\",\"description\":\"Location de vacances en Gites, en Provence entre Fr\u00e9jus et Cannes. Repos et ballades dans le Var, proche des plages de la c\u00f4te d'Azur.\",\"breadcrumb\":{\"@id\":\"https:\/\/soleilrouge.fr\/accueil#breadcrumb\"},\"inLanguage\":\"fr-FR\",\"potentialAction\":[{\"@type\":\"ReadAction\",\"target\":[\"https:\/\/soleilrouge.fr\/accueil\"]}]},{\"@type\":\"ImageObject\",\"inLanguage\":\"fr-FR\",\"@id\":\"https:\/\/soleilrouge.fr\/accueil#primaryimage\",\"url\":\"https:\/\/soleilrouge.fr\/wp-content\/uploads\/2022\/07\/meuble-de-tourisme-3-etoiles.png\",\"contentUrl\":\"https:\/\/soleilrouge.fr\/wp-content\/uploads\/2022\/07\/meuble-de-tourisme-3-etoiles.png\",\"width\":200,\"height\":200},{\"@type\":\"BreadcrumbList\",\"@id\":\"https:\/\/soleilrouge.fr\/accueil#breadcrumb\",\"itemListElement\":[{\"@type\":\"ListItem\",\"position\":1,\"name\":\"Accueil\",\"item\":\"https:\/\/soleilrouge.fr\/\"},{\"@type\":\"ListItem\",\"position\":2,\"name\":\"Location de g\u00eetes tout confort aux Adrets de l&rsquo;Esterel pr\u00e9s de Cannes et Fr\u00e9jus.\"}]},{\"@type\":\"WebSite\",\"@id\":\"https:\/\/soleilrouge.fr\/#website\",\"url\":\"https:\/\/soleilrouge.fr\/\",\"name\":\"SOLEIL ROUGE\",\"description\":\"G\u00eetes de tourisme class\u00e9s *** au c\u0153ur de l&#039;Esterel (Var - France)\",\"publisher\":{\"@id\":\"https:\/\/soleilrouge.fr\/#organization\"},\"potentialAction\":[{\"@type\":\"SearchAction\",\"target\":{\"@type\":\"EntryPoint\",\"urlTemplate\":\"https:\/\/soleilrouge.fr\/?s={search_term_string}\"},\"query-input\":{\"@type\":\"PropertyValueSpecification\",\"valueRequired\":true,\"valueName\":\"search_term_string\"}}],\"inLanguage\":\"fr-FR\"},{\"@type\":\"Organization\",\"@id\":\"https:\/\/soleilrouge.fr\/#organization\",\"name\":\"Gites Soleil Rouge\",\"url\":\"https:\/\/soleilrouge.fr\/\",\"logo\":{\"@type\":\"ImageObject\",\"inLanguage\":\"fr-FR\",\"@id\":\"https:\/\/soleilrouge.fr\/#\/schema\/logo\/image\/\",\"url\":\"https:\/\/soleilrouge.fr\/wp-content\/uploads\/2019\/12\/cropped-Logo-Soleil-Rouge-New.png\",\"contentUrl\":\"https:\/\/soleilrouge.fr\/wp-content\/uploads\/2019\/12\/cropped-Logo-Soleil-Rouge-New.png\",\"width\":512,\"height\":512,\"caption\":\"Gites Soleil Rouge\"},\"image\":{\"@id\":\"https:\/\/soleilrouge.fr\/#\/schema\/logo\/image\/\"},\"sameAs\":[\"https:\/\/www.facebook.com\/gites.soleil.rouge\/\"]}]}<\/script>\n<!-- \/ Yoast SEO plugin. -->","yoast_head_json":{"title":"Location de g\u00eetes tout confort aux Adrets de l'Esterel pr\u00e9s de Cannes et Fr\u00e9jus.","description":"Location de vacances en Gites, en Provence entre Fr\u00e9jus et Cannes. Repos et ballades dans le Var, proche des plages de la c\u00f4te d'Azur.","robots":{"index":"index","follow":"follow","max-snippet":"max-snippet:-1","max-image-preview":"max-image-preview:large","max-video-preview":"max-video-preview:-1"},"canonical":"https:\/\/soleilrouge.fr\/accueil","og_locale":"fr_FR","og_type":"article","og_title":"Location de g\u00eetes tout confort aux Adrets de l'Esterel pr\u00e9s de Cannes et Fr\u00e9jus.","og_description":"Location de vacances en Gites, en Provence entre Fr\u00e9jus et Cannes. Repos et ballades dans le Var, proche des plages de la c\u00f4te d'Azur.","og_url":"https:\/\/soleilrouge.fr\/accueil","og_site_name":"SOLEIL ROUGE","article_publisher":"https:\/\/www.facebook.com\/gites.soleil.rouge\/","article_modified_time":"2025-03-23T09:54:33+00:00","og_image":[{"width":200,"height":200,"url":"https:\/\/soleilrouge.fr\/wp-content\/uploads\/2022\/07\/meuble-de-tourisme-3-etoiles.png","type":"image\/png"}],"twitter_card":"summary_large_image","twitter_misc":{"Dur\u00e9e de lecture estim\u00e9e":"4 minutes"},"schema":{"@context":"https:\/\/schema.org","@graph":[{"@type":"WebPage","@id":"https:\/\/soleilrouge.fr\/","url":"https:\/\/soleilrouge.fr\/accueil","name":"Location de g\u00eetes tout confort aux Adrets de l'Esterel pr\u00e9s de Cannes et Fr\u00e9jus.","isPartOf":{"@id":"https:\/\/soleilrouge.fr\/#website"},"primaryImageOfPage":{"@id":"https:\/\/soleilrouge.fr\/accueil#primaryimage"},"image":{"@id":"https:\/\/soleilrouge.fr\/accueil#primaryimage"},"thumbnailUrl":"https:\/\/soleilrouge.fr\/wp-content\/uploads\/2022\/07\/meuble-de-tourisme-3-etoiles.png","datePublished":"2019-12-26T15:04:12+00:00","dateModified":"2025-03-23T09:54:33+00:00","description":"Location de vacances en Gites, en Provence entre Fr\u00e9jus et Cannes. Repos et ballades dans le Var, proche des plages de la c\u00f4te d'Azur.","breadcrumb":{"@id":"https:\/\/soleilrouge.fr\/accueil#breadcrumb"},"inLanguage":"fr-FR","potentialAction":[{"@type":"ReadAction","target":["https:\/\/soleilrouge.fr\/accueil"]}]},{"@type":"ImageObject","inLanguage":"fr-FR","@id":"https:\/\/soleilrouge.fr\/accueil#primaryimage","url":"https:\/\/soleilrouge.fr\/wp-content\/uploads\/2022\/07\/meuble-de-tourisme-3-etoiles.png","contentUrl":"https:\/\/soleilrouge.fr\/wp-content\/uploads\/2022\/07\/meuble-de-tourisme-3-etoiles.png","width":200,"height":200},{"@type":"BreadcrumbList","@id":"https:\/\/soleilrouge.fr\/accueil#breadcrumb","itemListElement":[{"@type":"ListItem","position":1,"name":"Accueil","item":"https:\/\/soleilrouge.fr\/"},{"@type":"ListItem","position":2,"name":"Location de g\u00eetes tout confort aux Adrets de l&rsquo;Esterel pr\u00e9s de Cannes et Fr\u00e9jus."}]},{"@type":"WebSite","@id":"https:\/\/soleilrouge.fr\/#website","url":"https:\/\/soleilrouge.fr\/","name":"SOLEIL ROUGE","description":"G\u00eetes de tourisme class\u00e9s *** au c\u0153ur de l&#039;Esterel (Var - France)","publisher":{"@id":"https:\/\/soleilrouge.fr\/#organization"},"potentialAction":[{"@type":"SearchAction","target":{"@type":"EntryPoint","urlTemplate":"https:\/\/soleilrouge.fr\/?s={search_term_string}"},"query-input":{"@type":"PropertyValueSpecification","valueRequired":true,"valueName":"search_term_string"}}],"inLanguage":"fr-FR"},{"@type":"Organization","@id":"https:\/\/soleilrouge.fr\/#organization","name":"Gites Soleil Rouge","url":"https:\/\/soleilrouge.fr\/","logo":{"@type":"ImageObject","inLanguage":"fr-FR","@id":"https:\/\/soleilrouge.fr\/#\/schema\/logo\/image\/","url":"https:\/\/soleilrouge.fr\/wp-content\/uploads\/2019\/12\/cropped-Logo-Soleil-Rouge-New.png","contentUrl":"https:\/\/soleilrouge.fr\/wp-content\/uploads\/2019\/12\/cropped-Logo-Soleil-Rouge-New.png","width":512,"height":512,"caption":"Gites Soleil Rouge"},"image":{"@id":"https:\/\/soleilrouge.fr\/#\/schema\/logo\/image\/"},"sameAs":["https:\/\/www.facebook.com\/gites.soleil.rouge\/"]}]}},"_links":{"self":[{"href":"https:\/\/soleilrouge.fr\/index.php\/wp-json\/wp\/v2\/pages\/11","targetHints":{"allow":["GET"]}}],"collection":[{"href":"https:\/\/soleilrouge.fr\/index.php\/wp-json\/wp\/v2\/pages"}],"about":[{"href":"https:\/\/soleilrouge.fr\/index.php\/wp-json\/wp\/v2\/types\/page"}],"author":[{"embeddable":true,"href":"https:\/\/soleilrouge.fr\/index.php\/wp-json\/wp\/v2\/users\/1"}],"replies":[{"embeddable":true,"href":"https:\/\/soleilrouge.fr\/index.php\/wp-json\/wp\/v2\/comments?post=11"}],"version-history":[{"count":98,"href":"https:\/\/soleilrouge.fr\/index.php\/wp-json\/wp\/v2\/pages\/11\/revisions"}],"predecessor-version":[{"id":517,"href":"https:\/\/soleilrouge.fr\/index.php\/wp-json\/wp\/v2\/pages\/11\/revisions\/517"}],"wp:attachment":[{"href":"https:\/\/soleilrouge.fr\/index.php\/wp-json\/wp\/v2\/media?parent=11"}],"curies":[{"name":"wp","href":"https:\/\/api.w.org\/{rel}","templated":true}]}}